{"id":7485,"date":"2015-09-03T13:32:15","date_gmt":"2015-09-03T17:32:15","guid":{"rendered":"https:\/\/camrt.wpenginepowered.com\/fr\/?page_id=7485"},"modified":"2025-11-17T16:14:21","modified_gmt":"2025-11-17T21:14:21","slug":"la-semaine-des-trm","status":"publish","type":"page","link":"https:\/\/camrt.ca\/fr\/evenements\/la-semaine-des-trm\/","title":{"rendered":"La semaine des TRM"},"content":{"rendered":"<h2>La semaine des TRM aura lieu du 2 au 8 novembre 2025!<\/h2>\n<p>La Semaine des TRM est maintenant termin\u00e9e, et nous tenons \u00e0 remercier sinc\u00e8rement tous ceux qui ont particip\u00e9 aux c\u00e9l\u00e9brations de cette ann\u00e9e. Votre engagement, que ce soit en affichant du mat\u00e9riel de la Semaine des TRM, en organisant des activit\u00e9s sur votre lieu de travail ou en contribuant \u00e0 sensibiliser votre communaut\u00e9, a jou\u00e9 un r\u00f4le essentiel dans la mise en valeur des contributions des TRM partout au Canada.<\/p>\n<p>Dans le cadre de cette initiative nationale, l&rsquo;ACTRM a coordonn\u00e9 l&rsquo;exp\u00e9dition de mat\u00e9riel \u00e0 pr\u00e8s de 800 sites. Merci pour votre soutien continu et pour avoir contribu\u00e9 au succ\u00e8s de la Semaine des TRM.<\/p>\n<p>&nbsp;<\/p>\n<p><strong><h3 class='border-title  '>2025 Webinaire de la semaine des TRM<span><\/span><\/h3><\/strong><\/p>\n<p>&nbsp;<\/p>\n<p><img loading=\"lazy\" decoding=\"async\" class=\"size-medium wp-image-55828 alignleft\" src=\"https:\/\/camrt.ca\/wp-content\/uploads\/2025\/10\/Social-Media-CPD-10-300x300.png\" alt=\"\" width=\"300\" height=\"300\" srcset=\"https:\/\/camrt.ca\/wp-content\/uploads\/2025\/10\/Social-Media-CPD-10-300x300.png 300w, https:\/\/camrt.ca\/wp-content\/uploads\/2025\/10\/Social-Media-CPD-10-1024x1024.png 1024w, https:\/\/camrt.ca\/wp-content\/uploads\/2025\/10\/Social-Media-CPD-10-150x150.png 150w, https:\/\/camrt.ca\/wp-content\/uploads\/2025\/10\/Social-Media-CPD-10-768x768.png 768w, https:\/\/camrt.ca\/wp-content\/uploads\/2025\/10\/Social-Media-CPD-10.png 1080w\" sizes=\"auto, (max-width: 300px) 100vw, 300px\" \/><\/p>\n<p>Merci \u00e0 tous ceux qui ont particip\u00e9 au webinaire \u00ab CAMRTs MRT Week 2025 : Treating Everyone, Everywhere \u00bb (Semaine MRT 2025 de l&rsquo;ACTRM : soigner tout le monde, partout) le 5 novembre \u00e0 midi, heure de l&rsquo;Est. \u00c0 suivre \u00e0 la demande ! Les patients sont au c\u0153ur de toutes vos activit\u00e9s, mais certains d&rsquo;entre eux qui ont besoin de soins MRT pourraient vous surprendre. Des h\u00f4pitaux v\u00e9t\u00e9rinaires aux \u00e9tablissements p\u00e9nitentiaires en passant par les laboratoires m\u00e9dico-l\u00e9gaux, les MRT fournissent des services d&rsquo;imagerie et de th\u00e9rapie essentiels au-del\u00e0 des cadres traditionnels. Merci \u00e0 belairdirect et Bayer d&rsquo;avoir parrain\u00e9 les webinaires de la Semaine du TMR cette ann\u00e9e.<\/p>\n<p><img loading=\"lazy\" decoding=\"async\" class=\"alignnone wp-image-34101\" src=\"https:\/\/camrt.ca\/wp-content\/uploads\/2023\/10\/belairdirect-AAH-RGB-E-AI-01-300x150.png\" alt=\"\" width=\"165\" height=\"60\" \/>\u00a0 \u00a0 \u00a0 \u00a0<img loading=\"lazy\" decoding=\"async\" class=\"alignnone wp-image-42233\" src=\"https:\/\/camrt.ca\/wp-content\/uploads\/2025\/06\/Logo_Bayer-300x300.png\" alt=\"\" width=\"61\" height=\"60\" \/><\/p>\n<p>&nbsp;<\/p>\n<p>&nbsp;<\/p>\n<p><strong><h3 class='border-title  '>Jeux gratuits<span><\/span><\/h3><\/strong><\/p>\n<p>Restez \u00e0 l&rsquo;\u00e9coute pour d\u00e9couvrir chaque jour de nouvelles images sur notre site web, Facebook et LinkedIn. Nous mettons \u00e9galement \u00e0 votre disposition une grille de bingo imprimable gratuite que vous pouvez partager avec votre \u00e9quipe ou votre personnel ! Cliquez sur l&rsquo;image ci-dessous pour t\u00e9l\u00e9charger le PDF !<\/p>\n<p><a href=\"https:\/\/camrt.ca\/wp-content\/uploads\/2025\/11\/MRT-Bingo-1.pdf\"><img loading=\"lazy\" decoding=\"async\" class=\"alignnone size-medium wp-image-58280\" src=\"https:\/\/camrt.ca\/wp-content\/uploads\/2025\/11\/Screenshot-2025-11-05-163348-231x300.png\" alt=\"\" width=\"231\" height=\"300\" srcset=\"https:\/\/camrt.ca\/wp-content\/uploads\/2025\/11\/Screenshot-2025-11-05-163348-231x300.png 231w, https:\/\/camrt.ca\/wp-content\/uploads\/2025\/11\/Screenshot-2025-11-05-163348-790x1024.png 790w, https:\/\/camrt.ca\/wp-content\/uploads\/2025\/11\/Screenshot-2025-11-05-163348-768x996.png 768w, https:\/\/camrt.ca\/wp-content\/uploads\/2025\/11\/Screenshot-2025-11-05-163348.png 805w\" sizes=\"auto, (max-width: 231px) 100vw, 231px\" \/><\/a><\/p>\n<p>&nbsp;<\/p>\n<p><strong><h3 class='border-title  '><\/strong><strong>Communications partageables pour la Semaine des TRM<\/strong><strong><span><\/span><\/h3><\/strong><\/p>\n<p>Pour c\u00e9l\u00e9brer la Semaine des TRM, l&rsquo;ACTRM a cr\u00e9\u00e9 un mod\u00e8le de texte pr\u00eat \u00e0 l&#8217;emploi que les membres peuvent partager avec les \u00e9quipes de communication de leur h\u00f4pital ou de leur autorit\u00e9 sanitaire. Cette ressource est con\u00e7ue pour aider \u00e0 promouvoir la sensibilisation et la reconnaissance du travail essentiel que les TRM accomplissent chaque jour. Nous vous encourageons \u00e0 le transmettre \u00e0 vos contacts en communication et \u00e0 les inviter \u00e0 le publier dans des bulletins d&rsquo;information, des messages intranet ou sur les r\u00e9seaux sociaux dans le cadre de la c\u00e9l\u00e9bration de la Semaine des TRM par votre organisation.<\/p>\n<p><a href=\"http:\/\/Posts partageables sur les r\u00e9seaux sociaux\"><strong>Posts partageables sur les r\u00e9seaux sociaux<\/strong><\/a><\/p>\n<p><strong><a href=\"https:\/\/camrt.ca\/wp-content\/uploads\/2025\/10\/Draft-Script-for-Hospital-Newsletters-or-Coms-Teams-French.pdf\">Mod\u00e8le de texte pour les bulletins d&rsquo;information des h\u00f4pitaux ou les \u00e9quipes de communication<\/a><\/strong><\/p>\n<p>&nbsp;<\/p>\n<p><strong><h3 class='border-title  '>2025 Affiche pour la Semeaine des TRM<span><\/span><\/h3><\/strong><\/p>\n<p>Pour t\u00e9l\u00e9charger les affiches de la Semaine des technologues en imagerie m\u00e9dicale et en radioth\u00e9rapie de cette ann\u00e9e, cliquez sur les images ci-dessous.<\/p>\n<p><a href=\"https:\/\/camrt.ca\/wp-content\/uploads\/2025\/10\/CAMRT_17958_Awareness_Poster_FR_1.pdf\"><img loading=\"lazy\" decoding=\"async\" class=\"size-medium wp-image-55842 alignleft\" src=\"https:\/\/camrt.ca\/wp-content\/uploads\/2025\/10\/Screenshot-2025-10-28-111706-217x300.png\" alt=\"\" width=\"217\" height=\"300\" srcset=\"https:\/\/camrt.ca\/wp-content\/uploads\/2025\/10\/Screenshot-2025-10-28-111706-217x300.png 217w, https:\/\/camrt.ca\/wp-content\/uploads\/2025\/10\/Screenshot-2025-10-28-111706-741x1024.png 741w, https:\/\/camrt.ca\/wp-content\/uploads\/2025\/10\/Screenshot-2025-10-28-111706-768x1061.png 768w, https:\/\/camrt.ca\/wp-content\/uploads\/2025\/10\/Screenshot-2025-10-28-111706.png 937w\" sizes=\"auto, (max-width: 217px) 100vw, 217px\" \/><\/a> <a href=\"https:\/\/camrt.ca\/wp-content\/uploads\/2025\/10\/CAMRT_17958_Awareness_Poster_FR_2.pdf\"><img loading=\"lazy\" decoding=\"async\" class=\"size-medium wp-image-55844 alignleft\" src=\"https:\/\/camrt.ca\/wp-content\/uploads\/2025\/10\/Screenshot-2025-10-28-111731-216x300.png\" alt=\"\" width=\"216\" height=\"300\" srcset=\"https:\/\/camrt.ca\/wp-content\/uploads\/2025\/10\/Screenshot-2025-10-28-111731-216x300.png 216w, https:\/\/camrt.ca\/wp-content\/uploads\/2025\/10\/Screenshot-2025-10-28-111731-736x1024.png 736w, https:\/\/camrt.ca\/wp-content\/uploads\/2025\/10\/Screenshot-2025-10-28-111731-768x1069.png 768w, https:\/\/camrt.ca\/wp-content\/uploads\/2025\/10\/Screenshot-2025-10-28-111731.png 935w\" sizes=\"auto, (max-width: 216px) 100vw, 216px\" \/><\/a> <a href=\"https:\/\/camrt.ca\/wp-content\/uploads\/2025\/10\/CAMRT_17958_Awareness_Poster_EN_3.pdf\"><img loading=\"lazy\" decoding=\"async\" class=\"size-medium wp-image-55846 alignleft\" src=\"https:\/\/camrt.ca\/wp-content\/uploads\/2025\/10\/Screenshot-2025-10-28-111750-218x300.png\" alt=\"\" width=\"218\" height=\"300\" srcset=\"https:\/\/camrt.ca\/wp-content\/uploads\/2025\/10\/Screenshot-2025-10-28-111750-218x300.png 218w, https:\/\/camrt.ca\/wp-content\/uploads\/2025\/10\/Screenshot-2025-10-28-111750-745x1024.png 745w, https:\/\/camrt.ca\/wp-content\/uploads\/2025\/10\/Screenshot-2025-10-28-111750-768x1055.png 768w, https:\/\/camrt.ca\/wp-content\/uploads\/2025\/10\/Screenshot-2025-10-28-111750.png 925w\" sizes=\"auto, (max-width: 218px) 100vw, 218px\" \/><\/a><\/p>\n<p>&nbsp;<\/p>\n<p>&nbsp;<\/p>\n<p>&nbsp;<\/p>\n<p>&nbsp;<\/p>\n<p>&nbsp;<\/p>\n<p>&nbsp;<\/p>\n<p>&nbsp;<\/p>\n<p>&nbsp;<\/p>\n<p>&nbsp;<\/p>\n<p>Merci \u00e0 nos partenaires Bracco, Bayer et BC Cancer d\u2019avoir parrain\u00e9 les affiches de la Semaine des technologues en imagerie m\u00e9dicale et en radioth\u00e9rapie cette ann\u00e9e.<\/p>\n<p>&nbsp;<\/p>\n<p><img loading=\"lazy\" decoding=\"async\" class=\"alignnone wp-image-40534\" src=\"https:\/\/camrt.ca\/wp-content\/uploads\/2024\/12\/BRACCO-2-colour-vector-2023-300x271.png\" alt=\"\" width=\"66\" height=\"60\" srcset=\"https:\/\/camrt.ca\/wp-content\/uploads\/2024\/12\/BRACCO-2-colour-vector-2023-300x271.png 300w, https:\/\/camrt.ca\/wp-content\/uploads\/2024\/12\/BRACCO-2-colour-vector-2023-1024x924.png 1024w, https:\/\/camrt.ca\/wp-content\/uploads\/2024\/12\/BRACCO-2-colour-vector-2023-768x693.png 768w, https:\/\/camrt.ca\/wp-content\/uploads\/2024\/12\/BRACCO-2-colour-vector-2023-1536x1386.png 1536w, https:\/\/camrt.ca\/wp-content\/uploads\/2024\/12\/BRACCO-2-colour-vector-2023-2048x1849.png 2048w\" sizes=\"auto, (max-width: 66px) 100vw, 66px\" \/>\u00a0 \u00a0 \u00a0 \u00a0<img loading=\"lazy\" decoding=\"async\" class=\"alignnone wp-image-42233\" src=\"https:\/\/camrt.ca\/wp-content\/uploads\/2025\/06\/Logo_Bayer-300x300.png\" alt=\"\" width=\"61\" height=\"60\" \/>\u00a0 \u00a0 \u00a0 \u00a0 <img loading=\"lazy\" decoding=\"async\" class=\"alignnone wp-image-42596\" src=\"https:\/\/camrt.ca\/wp-content\/uploads\/2025\/08\/BCCancer-Logo-with-Tag-RGB-01-scaled-e1755538154992-300x203.png\" alt=\"\" width=\"108\" height=\"35\" \/><\/p>\n<p>&nbsp;<\/p>\n<p><strong><h3 class='border-title  '>Concours de la semaine des TRM<span><\/span><\/h3><\/strong><\/p>\n<p><strong>CONCOURS : Comment \u00e7a a commenc\u00e9 vs Comment \u00e7a se passe<\/strong><\/p>\n<p><img loading=\"lazy\" decoding=\"async\" class=\"size-medium wp-image-55831 alignleft\" src=\"https:\/\/camrt.ca\/wp-content\/uploads\/2025\/10\/MRT-Week-5-300x300.png\" alt=\"\" width=\"300\" height=\"300\" srcset=\"https:\/\/camrt.ca\/wp-content\/uploads\/2025\/10\/MRT-Week-5-300x300.png 300w, https:\/\/camrt.ca\/wp-content\/uploads\/2025\/10\/MRT-Week-5-1024x1024.png 1024w, https:\/\/camrt.ca\/wp-content\/uploads\/2025\/10\/MRT-Week-5-150x150.png 150w, https:\/\/camrt.ca\/wp-content\/uploads\/2025\/10\/MRT-Week-5-768x768.png 768w, https:\/\/camrt.ca\/wp-content\/uploads\/2025\/10\/MRT-Week-5.png 1080w\" sizes=\"auto, (max-width: 300px) 100vw, 300px\" \/><\/p>\n<p>&nbsp;<\/p>\n<p>Le d\u00e9fi \u00ab Comment \u00e7a a commenc\u00e9 vs Comment \u00e7a se passe \u00bb lanc\u00e9 par l&rsquo;ACTRM a remport\u00e9 un franc succ\u00e8s, de nombreux participants ayant pr\u00e9sent\u00e9 leur parcours, de leurs \u00e9tudes \u00e0 leur pratique en tant que TRM. Merci \u00e0 tous ceux qui ont envoy\u00e9 des photos et des t\u00e9moignages!<\/p>\n<p>Voir ci-dessus l&rsquo;exemple de Jennifer Carey, TRP, depuis son premier jour \u00e0 l&rsquo;\u00e9cole de radiologie jusqu&rsquo;\u00e0 sa repr\u00e9sentation des TRM \u00e0 l&rsquo;Assembl\u00e9e l\u00e9gislative 16 ans plus tard.<\/p>\n<p>&nbsp;<\/p>\n<p>&nbsp;<\/p>\n<p>&nbsp;<\/p>\n<p>&nbsp;<\/p>\n<p>&nbsp;<\/p>\n<p>&nbsp;<\/p>\n<p><strong>CONCOURS DE CHASSE AUX TROLLS !<\/strong><\/p>\n<p>&nbsp;<\/p>\n<p><img loading=\"lazy\" decoding=\"async\" class=\"size-medium wp-image-55833 alignleft\" src=\"https:\/\/camrt.ca\/wp-content\/uploads\/2025\/10\/MRT-Week-4-300x300.png\" alt=\"\" width=\"300\" height=\"300\" srcset=\"https:\/\/camrt.ca\/wp-content\/uploads\/2025\/10\/MRT-Week-4-300x300.png 300w, https:\/\/camrt.ca\/wp-content\/uploads\/2025\/10\/MRT-Week-4-1024x1024.png 1024w, https:\/\/camrt.ca\/wp-content\/uploads\/2025\/10\/MRT-Week-4-150x150.png 150w, https:\/\/camrt.ca\/wp-content\/uploads\/2025\/10\/MRT-Week-4-768x768.png 768w, https:\/\/camrt.ca\/wp-content\/uploads\/2025\/10\/MRT-Week-4.png 1080w\" sizes=\"auto, (max-width: 300px) 100vw, 300px\" \/><\/p>\n<p>&nbsp;<\/p>\n<p>Cette ann\u00e9e, le concours du troll a remport\u00e9 un franc succ\u00e8s avec plus de 130 participants. Trouver des lunettes sur Merci encore \u00e0 Andr\u00e9 Patry, RTT de l&rsquo;H\u00f4pital d&rsquo;Ottawa, d&rsquo;avoir perp\u00e9tu\u00e9 cette tradition annuelle de la chasse au troll de l&rsquo;ACTRM !<\/p>\n<p>&nbsp;<\/p>\n<p>&nbsp;<\/p>\n<p>&nbsp;<\/p>\n<p>&nbsp;<\/p>\n<p>&nbsp;<\/p>\n<p>&nbsp;<\/p>\n<p>&nbsp;<\/p>\n<p>&nbsp;<\/p>\n<p>&nbsp;<\/p>\n<p>&nbsp;<\/p>\n","protected":false},"excerpt":{"rendered":"<p>La semaine des TRM aura lieu du 2 au 8 novembre 2025! La Semaine des TRM est maintenant termin\u00e9e, et nous tenons \u00e0 remercier sinc\u00e8rement tous ceux qui ont particip\u00e9 [&hellip;]<\/p>\n","protected":false},"author":30,"featured_media":0,"parent":47009,"menu_order":0,"comment_status":"closed","ping_status":"closed","template":"","meta":{"_monsterinsights_skip_tracking":false,"_monsterinsights_sitenote_active":false,"_monsterinsights_sitenote_note":"","_monsterinsights_sitenote_category":0,"footnotes":""},"class_list":["post-7485","page","type-page","status-publish","hentry"],"_links":{"self":[{"href":"https:\/\/camrt.ca\/fr\/wp-json\/wp\/v2\/pages\/7485","targetHints":{"allow":["GET"]}}],"collection":[{"href":"https:\/\/camrt.ca\/fr\/wp-json\/wp\/v2\/pages"}],"about":[{"href":"https:\/\/camrt.ca\/fr\/wp-json\/wp\/v2\/types\/page"}],"author":[{"embeddable":true,"href":"https:\/\/camrt.ca\/fr\/wp-json\/wp\/v2\/users\/30"}],"replies":[{"embeddable":true,"href":"https:\/\/camrt.ca\/fr\/wp-json\/wp\/v2\/comments?post=7485"}],"version-history":[{"count":0,"href":"https:\/\/camrt.ca\/fr\/wp-json\/wp\/v2\/pages\/7485\/revisions"}],"up":[{"embeddable":true,"href":"https:\/\/camrt.ca\/fr\/wp-json\/wp\/v2\/pages\/47009"}],"wp:attachment":[{"href":"https:\/\/camrt.ca\/fr\/wp-json\/wp\/v2\/media?parent=7485"}],"curies":[{"name":"wp","href":"https:\/\/api.w.org\/{rel}","templated":true}]}}