{"id":47068,"date":"2015-10-13T14:48:45","date_gmt":"2015-10-13T18:48:45","guid":{"rendered":"https:\/\/camrt.wpenginepowered.com\/fr\/?page_id=7641"},"modified":"2015-10-13T14:48:45","modified_gmt":"2015-10-13T18:48:45","slug":"radioprotection","status":"publish","type":"page","link":"https:\/\/camrt.ca\/fr\/a-propos-de-actrm\/defense-des-interets\/radioprotection\/","title":{"rendered":"Radioprotection"},"content":{"rendered":"<p>La radioprotection est un aspect important de la d\u00e9fense des int\u00e9r\u00eats des professions de la TRM. L\u2019ACTRM apporte sa contribution et son appui \u00e0 plusieurs efforts visant \u00e0 faire progresser la s\u00e9curit\u00e9 radiologique et la radioprotection au Canada et \u00e0 l\u2019\u00e9tranger.<\/p>\n<p>&nbsp;<\/p>\n<h2>l\u2019Appel \u00e0 l\u2019action de Bonn<a href=\"https:\/\/camrt.wpenginepowered.com\/wp-content\/uploads\/2015\/10\/Bonn-Call-for-Action.jpg\"><img loading=\"lazy\" decoding=\"async\" class=\" size-medium wp-image-8396 alignright\" src=\"https:\/\/camrt.wpenginepowered.com\/wp-content\/uploads\/2015\/10\/Bonn-Call-for-Action-211x300.jpg\" alt=\"Bonn Call for Action\" width=\"211\" height=\"300\" srcset=\"https:\/\/camrt.ca\/wp-content\/uploads\/2015\/10\/Bonn-Call-for-Action-211x300.jpg 211w, https:\/\/camrt.ca\/wp-content\/uploads\/2015\/10\/Bonn-Call-for-Action.jpg 481w\" sizes=\"auto, (max-width: 211px) 100vw, 211px\" \/><\/a><\/h2>\n<p>L\u2019Association canadienne des technologues en radiation m\u00e9dicale (ACTRM) appuie l\u2019Appel \u00e0 l\u2019action de Bonn publi\u00e9 par l\u2019Agence internationale de l\u2019\u00e9nergie atomique (AIEA) avec le soutien de l\u2019Organisation mondiale de la sant\u00e9 (OMS).<\/p>\n<p>Les buts de l\u2019Appel \u00e0 l\u2019action de Bonn\u00a0sont les suivants\u00a0:<\/p>\n<ul class='dt-sc-fancy-list   rounded-arrow'>\n<li>renforcer la radioprotection des patients et des travailleurs de la sant\u00e9;<\/li>\n<li>obtenir pour les patients les avantages les plus \u00e9lev\u00e9s avec les risque les plus faibles par l\u2019utilisation s\u00e9curitaire et appropri\u00e9e des rayonnements ionisants en m\u00e9decine;<\/li>\n<li>contribuer \u00e0 l\u2019int\u00e9gration totale de la radioprotection dans les syst\u00e8mes de sant\u00e9;<\/li>\n<li>aider \u00e0 am\u00e9liorer le dialogue sur les avantages et les risques avec les patients et le public;<\/li>\n<li>augmenter la s\u00e9curit\u00e9 et la qualit\u00e9 des proc\u00e9dures radiologiques en m\u00e9decine.<\/li>\n<\/ul>\n<p>&nbsp;<\/p>\n<div class=\"dt-sc-toggle-frame\"><h5 class='dt-sc-toggle'><a href='#'>Appel \u00e0 l\u2019action de Bonn : 10 mesures propos\u00e9es<\/a><\/h5><div class=\"dt-sc-toggle-content\" style=\"display: none;\"><div class=\"block\">L\u2019Appel \u00e0 l\u2019action de Bonn pr\u00e9sente dix mesures visant \u00e0 atteindre ces buts et \u00e0 renforcer la radioprotection en m\u00e9decine au cours de la prochaine d\u00e9cennie\u00a0:<\/p>\n<p><strong><\/strong><\/p>\n<ol class=\"dt-sc-fancy-list   decimal\">\n<li><span>am\u00e9liorer la mise en \u0153uvre du principe de justification;<\/span><\/li>\n<li><span>am\u00e9liorer la mise en \u0153uvre du principe d\u2019optimisation de la protection et de la s\u00e9curit\u00e9;<\/span><\/li>\n<li><span>renforcer le r\u00f4le des fabricants dans la contribution au r\u00e9gime global de s\u00e9curit\u00e9;<\/span><\/li>\n<li><span>renforcer l\u2019\u00e9ducation et la formation \u00e0 la radioprotection des professionnels de la sant\u00e9;<\/span><\/li>\n<li><span>formuler et promouvoir un programme de recherche scientifique pour la radioprotection en m\u00e9decine;<\/span><\/li>\n<li><span>augmenter la disponibilit\u00e9 d\u2019une information mondiale am\u00e9lior\u00e9e sur l\u2019exposition m\u00e9dicale et l\u2019exposition occupationnelle en m\u00e9decine;<\/span><\/li>\n<li><span>am\u00e9liorer la pr\u00e9vention des incidents et des accidents en radiation m\u00e9dicale;<\/span><\/li>\n<li><span>renforcer la culture de radioprotection dan le secteur de la sant\u00e9;<\/span><\/li>\n<li><span>susciter un dialogue accru sur les avantages et les risques li\u00e9s aux radiations;<\/span><\/li>\n<li><span>renforcer la mise en \u0153uvre des exigences en mati\u00e8re de s\u00e9curit\u00e9 \u00e0 l\u2019\u00e9chelle mondiale.<\/span><\/li>\n<\/ol>\n<p><strong><\/strong><\/p><\/div><\/div><\/div>\n<p>&nbsp;<\/p>\n<p><a href=\"https:\/\/rpop.iaea.org\/RPOP\/RPoP\/Content\/Documents\/Whitepapers\/Bonn-Call-for-Action.pdf\" target=\"_blank\">Texte complet de l\u2019Appel \u00e0 l\u2019action de Bonn<\/a>\u00a0(anglais seulement)<\/p>\n<p>&nbsp;<\/p>\n<p><i>L\u2019Agence internationale de l\u2019\u00e9nergie atomique (AIEA) a organis\u00e9 la \u00ab Conf\u00e9rence internationale sur la radioprotection en m\u00e9decine : Pr\u00e9parer le terrain pour la prochaine d\u00e9cennie \u00bb \u00e0 Bonn, en Allemagne en d\u00e9cembre 2012, dans le but de recenser et de traiter les enjeux \u00e9mergents de la radioprotection en m\u00e9decine. La conf\u00e9rence \u00e9tait coparrain\u00e9e par l\u2019Organisation mondiale de la sant\u00e9 (OMS) et tenue sous les auspices du gouvernement de l\u2019Allemagne, par l\u2019entremise du minist\u00e8re f\u00e9d\u00e9ral de l\u2019Environnement, de la Conservation de la nature et de la S\u00e9curit\u00e9 nucl\u00e9aire; elle a r\u00e9uni 536 participants et observateurs provenant de 77 pays et 16 organisations.<\/i><\/p>\n<p><strong>\u00a0<\/strong><\/p>\n<h2>Imagerie S\u00e9curitaire Canada<a href=\"https:\/\/camrt.ca\/wp-content\/uploads\/2015\/10\/CSI-logo-1.png\"><img loading=\"lazy\" decoding=\"async\" class=\"alignnone size-medium wp-image-7889\" src=\"https:\/\/camrt.ca\/wp-content\/uploads\/2015\/10\/CSI-logo-1-300x74.png\" alt=\"CSI logo\" width=\"300\" height=\"74\" srcset=\"https:\/\/camrt.ca\/wp-content\/uploads\/2015\/10\/CSI-logo-1-300x74.png 300w, https:\/\/camrt.ca\/wp-content\/uploads\/2015\/10\/CSI-logo-1.png 319w\" sizes=\"auto, (max-width: 300px) 100vw, 300px\" \/><\/a><\/h2>\n<p>Les technologies et les techniques d\u2019imagerie m\u00e9dicale \u00e9voluent rapidement. Ces progr\u00e8s se traduisent non seulement par des images d\u2019une pr\u00e9cision sans pr\u00e9c\u00e9dent, mais aussi par l\u2019exposition des patients au rayonnement ionisant. Le Canada doit se pencher sur cette question.<\/p>\n<p>Une coalition d\u2019intervenants importants, baptis\u00e9e Imagerie S\u00e9curitaire Canada, est en train d\u2019\u00eatre form\u00e9e en vue d\u2019\u00e9tablir une strat\u00e9gie pancanadienne et un plan d\u2019action relatifs \u00e0 la radioprotection dans le cadre des soins d\u2019imagerie m\u00e9dicale au pays. La mise sur pied d\u2019Imagerie S\u00e9curitaire Canada sera annonc\u00e9e officiellement au cours des prochains mois. Des organismes, des associations professionnelles, des universit\u00e9s, des coll\u00e8ges, des instituts de recherche nationaux et des h\u00f4pitaux seront invit\u00e9s \u00e0 y prendre part.<\/p>\n<p>Une des raisons d\u2019\u00eatre de la coalition est l\u2019harmonisation avec l\u2019initiative Bonn Call-for-Action (l\u2019Appel \u00e0 l\u2019action de Bonn) de l\u2019Agence internationale de l&rsquo;\u00e9nergie atomique\u00a0 et de l\u2019Organisation mondiale de la sant\u00e9, qui b\u00e9n\u00e9ficie de l\u2019appui de 77\u00a0pays et 16\u00a0organisations et d\u00e9crit 10\u00a0grandes strat\u00e9gies de protection contre les rayonnements.<\/p>\n<p>La prestation des soins de sant\u00e9 est une responsabilit\u00e9 provinciale, mais une strat\u00e9gie nationale et un effort concert\u00e9 sont n\u00e9cessaires pour assurer la protection des patients et du personnel d\u2019imagerie m\u00e9dicale. La coalition Imagerie S\u00e9curitaire Canada informera les Canadiens des strat\u00e9gies de protection actuelles et \u00e9mergentes et en favorisera l\u2019adoption. Elle fera \u00e9galement la promotion de la recherche \u2013 grandement n\u00e9cessaire \u2013 dans ce domaine.<\/p>\n<p>L\u2019Association canadienne des technologues en radiation m\u00e9dicale (ACTRM) fait partie des organismes ayant les m\u00eames objectifs qui participent \u00e0 la mise sur pied d\u2019Imagerie S\u00e9curitaire Canada. Elle est ravie de prendre part \u00e0 cette importante initiative pour la s\u00e9curit\u00e9 des patients.<\/p>\n<p>Restez \u00e0 l\u2019aff\u00fbt pour les toutes derni\u00e8res nouvelles au sujet d\u2019Imagerie S\u00e9curitaire Canada au cours des prochains mois.<\/p>\n<p>&nbsp;<\/p>\n<h2>Le Partenariat canadien pour la qualit\u00e9 en radioth\u00e9rapie (PCQR)<\/h2>\n<p>Le Partenariat canadien pour la qualit\u00e9 en radioth\u00e9rapie (PCQR) concentre ses activit\u00e9s sur l\u2019am\u00e9lioration de la qualit\u00e9, la performance des syst\u00e8mes et la gestion du savoir. <a href=\"http:\/\/www.pcqr.ca\/\" target=\"_blank\">Site web du PCQR<\/a>.<\/p>\n<h4><\/h4>\n<p>&nbsp;<\/p>\n<h4>Sujets pertinents en s\u00e9curit\u00e9 radiologique<\/h4>\n<p><a href=\"http:\/\/www.eurosafeimaging.org\/\" target=\"_blank\">EuroSafe Imaging<\/a> : cette initiative a lanc\u00e9 son propre appel \u00e0 l\u2019action, con\u00e7u pour appuyer la mise en \u0153uvre de l\u2019Appel \u00e0 l\u2019action de Bonn, lanc\u00e9 en 2012 par l\u2019Agence internationale de l\u2019\u00e9nergie atomique (AIEA) et l\u2019Organisation mondiale de la sant\u00e9 (OMS).<\/p>\n","protected":false},"excerpt":{"rendered":"<p>La radioprotection est un aspect important de la d\u00e9fense des int\u00e9r\u00eats des professions de la TRM. L\u2019ACTRM apporte sa contribution et son appui \u00e0 plusieurs efforts visant \u00e0 faire progresser [&hellip;]<\/p>\n","protected":false},"author":30,"featured_media":0,"parent":46979,"menu_order":0,"comment_status":"closed","ping_status":"closed","template":"","meta":{"_monsterinsights_skip_tracking":false,"_monsterinsights_sitenote_active":false,"_monsterinsights_sitenote_note":"","_monsterinsights_sitenote_category":0,"footnotes":""},"class_list":["post-47068","page","type-page","status-publish","hentry"],"_links":{"self":[{"href":"https:\/\/camrt.ca\/fr\/wp-json\/wp\/v2\/pages\/47068","targetHints":{"allow":["GET"]}}],"collection":[{"href":"https:\/\/camrt.ca\/fr\/wp-json\/wp\/v2\/pages"}],"about":[{"href":"https:\/\/camrt.ca\/fr\/wp-json\/wp\/v2\/types\/page"}],"author":[{"embeddable":true,"href":"https:\/\/camrt.ca\/fr\/wp-json\/wp\/v2\/users\/30"}],"replies":[{"embeddable":true,"href":"https:\/\/camrt.ca\/fr\/wp-json\/wp\/v2\/comments?post=47068"}],"version-history":[{"count":0,"href":"https:\/\/camrt.ca\/fr\/wp-json\/wp\/v2\/pages\/47068\/revisions"}],"up":[{"embeddable":true,"href":"https:\/\/camrt.ca\/fr\/wp-json\/wp\/v2\/pages\/46979"}],"wp:attachment":[{"href":"https:\/\/camrt.ca\/fr\/wp-json\/wp\/v2\/media?parent=47068"}],"curies":[{"name":"wp","href":"https:\/\/api.w.org\/{rel}","templated":true}]}}